{"id":1814,"date":"2022-08-09T08:45:57","date_gmt":"2022-08-09T06:45:57","guid":{"rendered":"https:\/\/les-ateliers-dalex.fr\/?page_id=1814"},"modified":"2025-04-03T14:27:45","modified_gmt":"2025-04-03T12:27:45","slug":"mes-ateliers-en-2021","status":"publish","type":"page","link":"https:\/\/les-ateliers-dalex.fr\/?page_id=1814","title":{"rendered":"Mes actions et ateliers en 2021"},"content":{"rendered":"\n<p class=\"has-text-align-center\"><em>En 2021, j&rsquo;ai donn\u00e9 naissance \u00e0 ma 3\u00e8me fille. les ateliers se sont arr\u00eat\u00e9s d\u00e9but juillet, puis ont repris tout en douceur en octobre accompagn\u00e9s de mon b\u00e9b\u00e9.<\/em><\/p>\n\n\n\n<p class=\"has-text-align-center\">Avec le <strong>Centre Social Espalion-Estaing <\/strong>(12)<strong>:<\/strong> <\/p>\n\n\n\n<p class=\"has-text-align-center\">* Interventions lors de temps de la  Ludo&rsquo;Doudou autour de la <span class=\"has-inline-color has-black-color\"><em><strong>p\u00e9dagogie Montessori<\/strong><\/em><\/span><span class=\"has-inline-color has-vivid-red-color\"><em> <\/em><\/span>( jeudi 4 mars, lundi 15 mars et jeudi 25 mars).  <\/p>\n\n\n\n<figure class=\"wp-block-gallery columns-3 is-cropped wp-block-gallery-1 is-layout-flex wp-block-gallery-is-layout-flex\"><ul class=\"blocks-gallery-grid\"><li class=\"blocks-gallery-item\"><figure><img loading=\"lazy\" decoding=\"async\" width=\"724\" height=\"1024\" src=\"https:\/\/les-ateliers-dalex.fr\/wp-content\/uploads\/2021\/02\/montessori-1-Espalion-2021-724x1024.jpg\" alt=\"\" data-id=\"1537\" data-full-url=\"https:\/\/les-ateliers-dalex.fr\/wp-content\/uploads\/2021\/02\/montessori-1-Espalion-2021.jpg\" data-link=\"https:\/\/les-ateliers-dalex.fr\/?attachment_id=1537\" class=\"wp-image-1537\" srcset=\"https:\/\/les-ateliers-dalex.fr\/wp-content\/uploads\/2021\/02\/montessori-1-Espalion-2021-724x1024.jpg 724w, https:\/\/les-ateliers-dalex.fr\/wp-content\/uploads\/2021\/02\/montessori-1-Espalion-2021-212x300.jpg 212w, https:\/\/les-ateliers-dalex.fr\/wp-content\/uploads\/2021\/02\/montessori-1-Espalion-2021-768x1086.jpg 768w, https:\/\/les-ateliers-dalex.fr\/wp-content\/uploads\/2021\/02\/montessori-1-Espalion-2021-1086x1536.jpg 1086w, https:\/\/les-ateliers-dalex.fr\/wp-content\/uploads\/2021\/02\/montessori-1-Espalion-2021.jpg 1240w\" sizes=\"auto, (max-width: 724px) 100vw, 724px\" \/><\/figure><\/li><li class=\"blocks-gallery-item\"><figure><img loading=\"lazy\" decoding=\"async\" width=\"724\" height=\"1024\" src=\"https:\/\/les-ateliers-dalex.fr\/wp-content\/uploads\/2021\/02\/Montessori-2-Espalion-2021-724x1024.jpg\" alt=\"\" data-id=\"1538\" data-full-url=\"https:\/\/les-ateliers-dalex.fr\/wp-content\/uploads\/2021\/02\/Montessori-2-Espalion-2021.jpg\" data-link=\"https:\/\/les-ateliers-dalex.fr\/?attachment_id=1538\" class=\"wp-image-1538\" srcset=\"https:\/\/les-ateliers-dalex.fr\/wp-content\/uploads\/2021\/02\/Montessori-2-Espalion-2021-724x1024.jpg 724w, https:\/\/les-ateliers-dalex.fr\/wp-content\/uploads\/2021\/02\/Montessori-2-Espalion-2021-212x300.jpg 212w, https:\/\/les-ateliers-dalex.fr\/wp-content\/uploads\/2021\/02\/Montessori-2-Espalion-2021-768x1086.jpg 768w, https:\/\/les-ateliers-dalex.fr\/wp-content\/uploads\/2021\/02\/Montessori-2-Espalion-2021-1086x1536.jpg 1086w, https:\/\/les-ateliers-dalex.fr\/wp-content\/uploads\/2021\/02\/Montessori-2-Espalion-2021.jpg 1240w\" sizes=\"auto, (max-width: 724px) 100vw, 724px\" \/><\/figure><\/li><li class=\"blocks-gallery-item\"><figure><img loading=\"lazy\" decoding=\"async\" width=\"724\" height=\"1024\" src=\"https:\/\/les-ateliers-dalex.fr\/wp-content\/uploads\/2021\/02\/Montessori-3-Espalion-2021-724x1024.jpg\" alt=\"\" data-id=\"1539\" data-full-url=\"https:\/\/les-ateliers-dalex.fr\/wp-content\/uploads\/2021\/02\/Montessori-3-Espalion-2021.jpg\" data-link=\"https:\/\/les-ateliers-dalex.fr\/?attachment_id=1539\" class=\"wp-image-1539\" srcset=\"https:\/\/les-ateliers-dalex.fr\/wp-content\/uploads\/2021\/02\/Montessori-3-Espalion-2021-724x1024.jpg 724w, https:\/\/les-ateliers-dalex.fr\/wp-content\/uploads\/2021\/02\/Montessori-3-Espalion-2021-212x300.jpg 212w, https:\/\/les-ateliers-dalex.fr\/wp-content\/uploads\/2021\/02\/Montessori-3-Espalion-2021-768x1086.jpg 768w, https:\/\/les-ateliers-dalex.fr\/wp-content\/uploads\/2021\/02\/Montessori-3-Espalion-2021-1086x1536.jpg 1086w, https:\/\/les-ateliers-dalex.fr\/wp-content\/uploads\/2021\/02\/Montessori-3-Espalion-2021.jpg 1240w\" sizes=\"auto, (max-width: 724px) 100vw, 724px\" \/><\/figure><\/li><\/ul><\/figure>\n\n\n\n<p class=\"has-text-align-center\">*Animation d&rsquo;un <strong> <span class=\"has-inline-color has-black-color\"><em>groupe de parents<\/em><\/span><\/strong> \u00ab\u00a0Parents parlons en\u00a0\u00bb 6 s\u00e9ances de mars \u00e0 juin. <\/p>\n\n\n\n<p class=\"has-text-align-center\">*<span class=\"has-inline-color has-black-color\"><strong><em>Formation<\/em><\/strong><\/span> aupr\u00e8s de l&rsquo;\u00e9quipe d&rsquo;animation de l&rsquo;accueil de loisirs autour de <strong>l<em><span class=\"has-inline-color has-black-color\">&lsquo;accueil des enfants et des parents<\/span>, et des <span class=\"has-inline-color has-black-color\">transmissions<\/span>.<\/em><\/strong> <\/p>\n\n\n\n<div class=\"wp-block-image\"><figure class=\"aligncenter size-large is-resized\"><img loading=\"lazy\" decoding=\"async\" src=\"https:\/\/les-ateliers-dalex.fr\/wp-content\/uploads\/2021\/02\/parents-parlons-en-2021-724x1024.jpg\" alt=\"\" class=\"wp-image-1540\" width=\"434\" height=\"613\" srcset=\"https:\/\/les-ateliers-dalex.fr\/wp-content\/uploads\/2021\/02\/parents-parlons-en-2021-724x1024.jpg 724w, https:\/\/les-ateliers-dalex.fr\/wp-content\/uploads\/2021\/02\/parents-parlons-en-2021-212x300.jpg 212w, https:\/\/les-ateliers-dalex.fr\/wp-content\/uploads\/2021\/02\/parents-parlons-en-2021-768x1086.jpg 768w, https:\/\/les-ateliers-dalex.fr\/wp-content\/uploads\/2021\/02\/parents-parlons-en-2021-1086x1536.jpg 1086w, https:\/\/les-ateliers-dalex.fr\/wp-content\/uploads\/2021\/02\/parents-parlons-en-2021.jpg 1240w\" sizes=\"auto, (max-width: 434px) 100vw, 434px\" \/><\/figure><\/div>\n\n\n\n<hr class=\"wp-block-separator\"\/>\n\n\n\n<p class=\"has-text-align-center\">Avec le <strong>Relais d&rsquo;Assistantes Maternelles Farfelune du Centre Social Bozouls Comtal <\/strong>(12): <\/p>\n\n\n\n<p class=\"has-text-align-center\">*Animation de 2 petits d\u00e9jeuner parentalit\u00e9 autour de la <span class=\"has-inline-color has-black-color\"><strong><em>p\u00e9dagogie Montessori <\/em><\/strong><\/span>(rattrapage de dates pr\u00e9vues en 2020) . <\/p>\n\n\n\n<p class=\"has-text-align-center\">*Animations de 3 petits d\u00e9jeuner parentalit\u00e9  autour de la<strong> <\/strong><em><strong>p\u00e9dagogie Montessori<\/strong> <\/em>: samedi 20 mars, samedi 8 mai  et samedi 22 mai.<\/p>\n\n\n\n<figure class=\"wp-block-gallery columns-2 is-cropped wp-block-gallery-2 is-layout-flex wp-block-gallery-is-layout-flex\"><ul class=\"blocks-gallery-grid\"><li class=\"blocks-gallery-item\"><figure><img loading=\"lazy\" decoding=\"async\" width=\"724\" height=\"1024\" src=\"https:\/\/les-ateliers-dalex.fr\/wp-content\/uploads\/2021\/02\/ptit-dej-Mont-2-724x1024.jpg\" alt=\"\" data-id=\"1495\" data-full-url=\"https:\/\/les-ateliers-dalex.fr\/wp-content\/uploads\/2021\/02\/ptit-dej-Mont-2.jpg\" data-link=\"https:\/\/les-ateliers-dalex.fr\/?attachment_id=1495\" class=\"wp-image-1495\" srcset=\"https:\/\/les-ateliers-dalex.fr\/wp-content\/uploads\/2021\/02\/ptit-dej-Mont-2-724x1024.jpg 724w, https:\/\/les-ateliers-dalex.fr\/wp-content\/uploads\/2021\/02\/ptit-dej-Mont-2-212x300.jpg 212w, https:\/\/les-ateliers-dalex.fr\/wp-content\/uploads\/2021\/02\/ptit-dej-Mont-2-768x1086.jpg 768w, https:\/\/les-ateliers-dalex.fr\/wp-content\/uploads\/2021\/02\/ptit-dej-Mont-2-1086x1536.jpg 1086w, https:\/\/les-ateliers-dalex.fr\/wp-content\/uploads\/2021\/02\/ptit-dej-Mont-2.jpg 1241w\" sizes=\"auto, (max-width: 724px) 100vw, 724px\" \/><\/figure><\/li><li class=\"blocks-gallery-item\"><figure><img loading=\"lazy\" decoding=\"async\" width=\"679\" height=\"960\" src=\"https:\/\/les-ateliers-dalex.fr\/wp-content\/uploads\/2021\/02\/IMG_8668.jpg\" alt=\"\" data-id=\"1534\" data-full-url=\"https:\/\/les-ateliers-dalex.fr\/wp-content\/uploads\/2021\/02\/IMG_8668.jpg\" data-link=\"https:\/\/les-ateliers-dalex.fr\/?attachment_id=1534\" class=\"wp-image-1534\" srcset=\"https:\/\/les-ateliers-dalex.fr\/wp-content\/uploads\/2021\/02\/IMG_8668.jpg 679w, https:\/\/les-ateliers-dalex.fr\/wp-content\/uploads\/2021\/02\/IMG_8668-212x300.jpg 212w\" sizes=\"auto, (max-width: 679px) 100vw, 679px\" \/><\/figure><\/li><\/ul><\/figure>\n\n\n\n<hr class=\"wp-block-separator\"\/>\n\n\n\n<p class=\"has-text-align-center\">Avec la<strong> Communaut\u00e9 de Communes Aubrac, Carladez &amp; Viad\u00e8ne<\/strong> (12) : <\/p>\n\n\n\n<p class=\"has-text-align-center\">*Animation de 2 soir\u00e9es autour de la <strong><em>p\u00e9dagogie Montessori<\/em> <\/strong>pour les Assistantes Maternelles (1 en pr\u00e9sentiel le vendredi 26 mars \u00e0 20h \u00e0 Mur de Barrez (12) et 1 en distanciel-visio le vendredi 16 avril \u00e0 Laguiole (12)) . <\/p>\n\n\n\n<p class=\"has-text-align-center\">*Animation de 1 soir\u00e9e<strong> <em><a href=\"https:\/\/les-ateliers-dalex.fr\/?page_id=436\" data-type=\"URL\" data-id=\"https:\/\/les-ateliers-dalex.fr\/?page_id=436\" target=\"_blank\" rel=\"noreferrer noopener\">\u00ab\u00a0En voiture Simone\u00a0\u00bb<\/a><\/em><\/strong> en distanciel pour les assistantes maternelles du RAM de la communaut\u00e9 de communes le vendredi 7 mai \u00e0 20h.  <\/p>\n\n\n\n<p class=\"has-text-align-center\">*Animation d&rsquo;une soir\u00e9e <strong><em>\u00ab\u00a0Accompagnement respectueux de l&rsquo;enfant\u00a0\u00bb<\/em><\/strong> en distanciel pour les assistantes maternelles du RAM de la communaut\u00e9 de communes le vendredi 21 mai \u00e0 20h.<\/p>\n\n\n\n<figure class=\"wp-block-gallery aligncenter columns-3 is-cropped wp-block-gallery-3 is-layout-flex wp-block-gallery-is-layout-flex\"><ul class=\"blocks-gallery-grid\"><li class=\"blocks-gallery-item\"><figure><img loading=\"lazy\" decoding=\"async\" width=\"388\" height=\"535\" src=\"https:\/\/les-ateliers-dalex.fr\/wp-content\/uploads\/2021\/04\/ram-CCACV.png\" alt=\"\" data-id=\"1550\" data-full-url=\"https:\/\/les-ateliers-dalex.fr\/wp-content\/uploads\/2021\/04\/ram-CCACV.png\" data-link=\"https:\/\/les-ateliers-dalex.fr\/?attachment_id=1550\" class=\"wp-image-1550\" srcset=\"https:\/\/les-ateliers-dalex.fr\/wp-content\/uploads\/2021\/04\/ram-CCACV.png 388w, https:\/\/les-ateliers-dalex.fr\/wp-content\/uploads\/2021\/04\/ram-CCACV-218x300.png 218w\" sizes=\"auto, (max-width: 388px) 100vw, 388px\" \/><\/figure><\/li><li class=\"blocks-gallery-item\"><figure><img loading=\"lazy\" decoding=\"async\" width=\"564\" height=\"796\" src=\"https:\/\/les-ateliers-dalex.fr\/wp-content\/uploads\/2021\/05\/EVS-RAMCCACV.png\" alt=\"\" data-id=\"1655\" data-full-url=\"https:\/\/les-ateliers-dalex.fr\/wp-content\/uploads\/2021\/05\/EVS-RAMCCACV.png\" data-link=\"https:\/\/les-ateliers-dalex.fr\/?attachment_id=1655\" class=\"wp-image-1655\" srcset=\"https:\/\/les-ateliers-dalex.fr\/wp-content\/uploads\/2021\/05\/EVS-RAMCCACV.png 564w, https:\/\/les-ateliers-dalex.fr\/wp-content\/uploads\/2021\/05\/EVS-RAMCCACV-213x300.png 213w\" sizes=\"auto, (max-width: 564px) 100vw, 564px\" \/><\/figure><\/li><li class=\"blocks-gallery-item\"><figure><img loading=\"lazy\" decoding=\"async\" width=\"560\" height=\"786\" src=\"https:\/\/les-ateliers-dalex.fr\/wp-content\/uploads\/2021\/05\/ARE-CCACV.png\" alt=\"\" data-id=\"1654\" data-full-url=\"https:\/\/les-ateliers-dalex.fr\/wp-content\/uploads\/2021\/05\/ARE-CCACV.png\" data-link=\"https:\/\/les-ateliers-dalex.fr\/?attachment_id=1654\" class=\"wp-image-1654\" srcset=\"https:\/\/les-ateliers-dalex.fr\/wp-content\/uploads\/2021\/05\/ARE-CCACV.png 560w, https:\/\/les-ateliers-dalex.fr\/wp-content\/uploads\/2021\/05\/ARE-CCACV-214x300.png 214w\" sizes=\"auto, (max-width: 560px) 100vw, 560px\" \/><\/figure><\/li><\/ul><\/figure>\n\n\n\n<div class=\"wp-block-image\"><figure class=\"aligncenter size-full\"><img loading=\"lazy\" decoding=\"async\" width=\"372\" height=\"367\" src=\"https:\/\/les-ateliers-dalex.fr\/wp-content\/uploads\/2021\/04\/article-centre-presse-CCACV.png\" alt=\"\" class=\"wp-image-1577\" srcset=\"https:\/\/les-ateliers-dalex.fr\/wp-content\/uploads\/2021\/04\/article-centre-presse-CCACV.png 372w, https:\/\/les-ateliers-dalex.fr\/wp-content\/uploads\/2021\/04\/article-centre-presse-CCACV-300x296.png 300w, https:\/\/les-ateliers-dalex.fr\/wp-content\/uploads\/2021\/04\/article-centre-presse-CCACV-100x100.png 100w\" sizes=\"auto, (max-width: 372px) 100vw, 372px\" \/><\/figure><\/div>\n\n\n\n<p class=\"has-text-align-center\">*<strong>Animations  th\u00e9matiques<\/strong> pour les \u00e9quipes des micro-cr\u00e8ches de la Viad\u00e8ne ( Saint Amans des Cots 12), de Laguiole ( 12) et du Carladez ( Mur de Barrez 12) entre mars et juin 2021. S\u00e9quences d&rsquo;observations et retours avec les \u00e9quipes pour les micro-cr\u00e8ches de la Viad\u00e8ne et de Laguiole, soir\u00e9e autour de l&rsquo;am\u00e9nagement de l&rsquo;espace pour la micro-cr\u00e8che du Carladez.<\/p>\n\n\n\n<hr class=\"wp-block-separator\"\/>\n\n\n\n<p class=\"has-text-align-center\">Animation d&rsquo;ateliers en visio avec <strong>B\u00e9b\u00e9Soon<\/strong> autour de la <strong><em>p\u00e9dagogie Montessori<\/em>,<\/strong> et des activit\u00e9s d&rsquo;\u00e9veil que l&rsquo;on peut proposer aux enfants de moins de 3 ans.<\/p>\n\n\n\n<p class=\"has-text-align-center\"><\/p>\n\n\n\n<figure class=\"wp-block-gallery columns-3 is-cropped wp-block-gallery-4 is-layout-flex wp-block-gallery-is-layout-flex\"><ul class=\"blocks-gallery-grid\"><li class=\"blocks-gallery-item\"><figure><img loading=\"lazy\" decoding=\"async\" width=\"545\" height=\"1024\" src=\"https:\/\/les-ateliers-dalex.fr\/wp-content\/uploads\/2021\/02\/bebesoon-545x1024.jpg\" alt=\"\" data-id=\"1497\" data-link=\"https:\/\/les-ateliers-dalex.fr\/?attachment_id=1497\" class=\"wp-image-1497\" srcset=\"https:\/\/les-ateliers-dalex.fr\/wp-content\/uploads\/2021\/02\/bebesoon-545x1024.jpg 545w, https:\/\/les-ateliers-dalex.fr\/wp-content\/uploads\/2021\/02\/bebesoon-160x300.jpg 160w, https:\/\/les-ateliers-dalex.fr\/wp-content\/uploads\/2021\/02\/bebesoon-768x1444.jpg 768w, https:\/\/les-ateliers-dalex.fr\/wp-content\/uploads\/2021\/02\/bebesoon-817x1536.jpg 817w, https:\/\/les-ateliers-dalex.fr\/wp-content\/uploads\/2021\/02\/bebesoon.jpg 1080w\" sizes=\"auto, (max-width: 545px) 100vw, 545px\" \/><\/figure><\/li><li class=\"blocks-gallery-item\"><figure><img loading=\"lazy\" decoding=\"async\" width=\"545\" height=\"1024\" src=\"https:\/\/les-ateliers-dalex.fr\/wp-content\/uploads\/2021\/02\/bebesoon-2-545x1024.jpg\" alt=\"\" data-id=\"1498\" data-link=\"https:\/\/les-ateliers-dalex.fr\/?attachment_id=1498\" class=\"wp-image-1498\" srcset=\"https:\/\/les-ateliers-dalex.fr\/wp-content\/uploads\/2021\/02\/bebesoon-2-545x1024.jpg 545w, https:\/\/les-ateliers-dalex.fr\/wp-content\/uploads\/2021\/02\/bebesoon-2-160x300.jpg 160w, https:\/\/les-ateliers-dalex.fr\/wp-content\/uploads\/2021\/02\/bebesoon-2-768x1444.jpg 768w, https:\/\/les-ateliers-dalex.fr\/wp-content\/uploads\/2021\/02\/bebesoon-2-817x1536.jpg 817w, https:\/\/les-ateliers-dalex.fr\/wp-content\/uploads\/2021\/02\/bebesoon-2.jpg 1080w\" sizes=\"auto, (max-width: 545px) 100vw, 545px\" \/><\/figure><\/li><li class=\"blocks-gallery-item\"><figure><img loading=\"lazy\" decoding=\"async\" width=\"545\" height=\"1024\" src=\"https:\/\/les-ateliers-dalex.fr\/wp-content\/uploads\/2021\/02\/bebesoon-3-545x1024.jpg\" alt=\"\" data-id=\"1499\" data-link=\"https:\/\/les-ateliers-dalex.fr\/?attachment_id=1499\" class=\"wp-image-1499\" srcset=\"https:\/\/les-ateliers-dalex.fr\/wp-content\/uploads\/2021\/02\/bebesoon-3-545x1024.jpg 545w, https:\/\/les-ateliers-dalex.fr\/wp-content\/uploads\/2021\/02\/bebesoon-3-160x300.jpg 160w, https:\/\/les-ateliers-dalex.fr\/wp-content\/uploads\/2021\/02\/bebesoon-3-768x1444.jpg 768w, https:\/\/les-ateliers-dalex.fr\/wp-content\/uploads\/2021\/02\/bebesoon-3-817x1536.jpg 817w, https:\/\/les-ateliers-dalex.fr\/wp-content\/uploads\/2021\/02\/bebesoon-3.jpg 1080w\" sizes=\"auto, (max-width: 545px) 100vw, 545px\" \/><\/figure><\/li><\/ul><\/figure>\n\n\n\n<p class=\"has-text-align-center\">Lien vers le <a rel=\"noreferrer noopener\" href=\"https:\/\/www.bebesoon.fr\" target=\"_blank\">site B\u00e9b\u00e9Soon<\/a> <\/p>\n\n\n\n<hr class=\"wp-block-separator\"\/>\n\n\n\n<p class=\"has-text-align-center\">Avec le<strong> Centre Social du Pays d&rsquo;Olt <\/strong>(12)<\/p>\n\n\n\n<p class=\"has-text-align-center\">*Installation et proposition de mat\u00e9riel de motricit\u00e9 fine<em> <strong>( atelier d&rsquo;inspiration Montessori<\/strong>) <\/em>lors des permanences ludiques du Relais d&rsquo;Assistantes Maternelles sur les communes de Saint Geniez d&rsquo;Olt (12), Saint Laurent d&rsquo;Olt (12) et Campagnac (12).<\/p>\n\n\n\n<hr class=\"wp-block-separator\"\/>\n\n\n\n<p class=\"has-text-align-center\">Pour le<strong> R\u00e9seau Parents en Aveyron <\/strong>(12)<\/p>\n\n\n\n<p class=\"has-text-align-center\">Article sur la <strong><em>s\u00e9curit\u00e9 en voiture<\/em><\/strong> pour les enfants de moins de 10 ans <\/p>\n\n\n\n<p class=\"has-text-align-center\"><a rel=\"noreferrer noopener\" href=\"https:\/\/www.facebook.com\/reseauparentsaveyron12\/photos\/a.320733261952737\/740986656594060\/\" target=\"_blank\">lien vers l&rsquo;article<\/a> <\/p>\n\n\n\n<hr class=\"wp-block-separator\"\/>\n\n\n\n<p class=\"has-text-align-center\">Tout le long du 1er semestre 2021: <em><strong>des cycles de massage b\u00e9b\u00e9<\/strong>, <strong>des ateliers de portage<\/strong> <strong>des b\u00e9b\u00e9s<\/strong><\/em> et des s\u00e9ances d&rsquo;<em><strong>accompagnement parental en individuel.<\/strong><\/em><\/p>\n\n\n\n<div class=\"wp-block-group\"><div class=\"wp-block-group__inner-container is-layout-flow wp-block-group-is-layout-flow\">\n<div class=\"wp-block-columns is-layout-flex wp-container-core-columns-is-layout-9d6595d7 wp-block-columns-is-layout-flex\">\n<div class=\"wp-block-column is-layout-flow wp-block-column-is-layout-flow\" style=\"flex-basis:100%\">\n<div class=\"wp-block-group\"><div class=\"wp-block-group__inner-container is-layout-flow wp-block-group-is-layout-flow\">\n<figure class=\"wp-block-gallery columns-2 is-cropped wp-block-gallery-5 is-layout-flex wp-block-gallery-is-layout-flex\"><ul class=\"blocks-gallery-grid\"><li class=\"blocks-gallery-item\"><figure><img loading=\"lazy\" decoding=\"async\" width=\"1667\" height=\"1922\" src=\"https:\/\/les-ateliers-dalex.fr\/wp-content\/uploads\/2021\/11\/IMG_1471.jpg\" alt=\"\" data-id=\"1695\" data-full-url=\"https:\/\/les-ateliers-dalex.fr\/wp-content\/uploads\/2021\/11\/IMG_1471.jpg\" data-link=\"https:\/\/les-ateliers-dalex.fr\/?attachment_id=1695\" class=\"wp-image-1695\" srcset=\"https:\/\/les-ateliers-dalex.fr\/wp-content\/uploads\/2021\/11\/IMG_1471.jpg 1667w, https:\/\/les-ateliers-dalex.fr\/wp-content\/uploads\/2021\/11\/IMG_1471-260x300.jpg 260w, https:\/\/les-ateliers-dalex.fr\/wp-content\/uploads\/2021\/11\/IMG_1471-888x1024.jpg 888w, https:\/\/les-ateliers-dalex.fr\/wp-content\/uploads\/2021\/11\/IMG_1471-768x885.jpg 768w, https:\/\/les-ateliers-dalex.fr\/wp-content\/uploads\/2021\/11\/IMG_1471-1332x1536.jpg 1332w\" sizes=\"auto, (max-width: 767px) 89vw, (max-width: 1000px) 54vw, (max-width: 1071px) 543px, 580px\" \/><\/figure><\/li><li class=\"blocks-gallery-item\"><figure><img loading=\"lazy\" decoding=\"async\" width=\"768\" height=\"1024\" src=\"https:\/\/les-ateliers-dalex.fr\/wp-content\/uploads\/2022\/08\/UNADJUSTEDNONRAW_thumb_a27d.jpg\" alt=\"\" data-id=\"1796\" data-full-url=\"https:\/\/les-ateliers-dalex.fr\/wp-content\/uploads\/2022\/08\/UNADJUSTEDNONRAW_thumb_a27d.jpg\" data-link=\"https:\/\/les-ateliers-dalex.fr\/?attachment_id=1796\" class=\"wp-image-1796\" srcset=\"https:\/\/les-ateliers-dalex.fr\/wp-content\/uploads\/2022\/08\/UNADJUSTEDNONRAW_thumb_a27d.jpg 768w, https:\/\/les-ateliers-dalex.fr\/wp-content\/uploads\/2022\/08\/UNADJUSTEDNONRAW_thumb_a27d-225x300.jpg 225w\" sizes=\"auto, (max-width: 767px) 89vw, (max-width: 1000px) 54vw, (max-width: 1071px) 543px, 580px\" \/><\/figure><\/li><\/ul><\/figure>\n<\/div><\/div>\n<\/div>\n<\/div>\n<\/div><\/div>\n\n\n\n<hr class=\"wp-block-separator\"\/>\n\n\n\n<p class=\"has-text-align-center\">Avec <a rel=\"noreferrer noopener\" href=\"https:\/\/marjorieleite.com\" target=\"_blank\">Marjorie Leite<\/a>, pour les actions <strong>STOP ADULTISME:<\/strong> cr\u00e9ation de pages <a rel=\"noreferrer noopener\" href=\"https:\/\/www.instagram.com\/stop.adultisme\/?hl=fr\" target=\"_blank\">Instagram<\/a> et <a rel=\"noreferrer noopener\" href=\"https:\/\/www.facebook.com\/stopadultisme\" target=\"_blank\">Facebook<\/a> autour  de l&rsquo;accompagnement respectueux de l&rsquo;enfant. Diffusion tout au long du mois d&rsquo;avril ( \u00e0 l&rsquo;occasion de la journ\u00e9e de la non-violence \u00e9ducative) de vid\u00e9os\/sayn\u00e8tes mettant en lumi\u00e8re des situations adultistes; mais aussi partage de podcats, comptes, films, ouvrages autour de l&rsquo;adultisme.<\/p>\n\n\n\n<figure class=\"wp-block-gallery columns-3 is-cropped wp-block-gallery-6 is-layout-flex wp-block-gallery-is-layout-flex\"><ul class=\"blocks-gallery-grid\"><li class=\"blocks-gallery-item\"><figure><img loading=\"lazy\" decoding=\"async\" width=\"640\" height=\"628\" src=\"https:\/\/les-ateliers-dalex.fr\/wp-content\/uploads\/2022\/08\/IMG_5443.jpg\" alt=\"\" data-id=\"1799\" data-full-url=\"https:\/\/les-ateliers-dalex.fr\/wp-content\/uploads\/2022\/08\/IMG_5443.jpg\" data-link=\"https:\/\/les-ateliers-dalex.fr\/?attachment_id=1799\" class=\"wp-image-1799\" srcset=\"https:\/\/les-ateliers-dalex.fr\/wp-content\/uploads\/2022\/08\/IMG_5443.jpg 640w, https:\/\/les-ateliers-dalex.fr\/wp-content\/uploads\/2022\/08\/IMG_5443-300x294.jpg 300w\" sizes=\"auto, (max-width: 640px) 100vw, 640px\" \/><\/figure><\/li><li class=\"blocks-gallery-item\"><figure><img loading=\"lazy\" decoding=\"async\" width=\"500\" height=\"500\" src=\"https:\/\/les-ateliers-dalex.fr\/wp-content\/uploads\/2022\/06\/Stop-Adultisme.png\" alt=\"\" data-id=\"1772\" data-full-url=\"https:\/\/les-ateliers-dalex.fr\/wp-content\/uploads\/2022\/06\/Stop-Adultisme.png\" data-link=\"https:\/\/les-ateliers-dalex.fr\/?attachment_id=1772\" class=\"wp-image-1772\" srcset=\"https:\/\/les-ateliers-dalex.fr\/wp-content\/uploads\/2022\/06\/Stop-Adultisme.png 500w, https:\/\/les-ateliers-dalex.fr\/wp-content\/uploads\/2022\/06\/Stop-Adultisme-300x300.png 300w, https:\/\/les-ateliers-dalex.fr\/wp-content\/uploads\/2022\/06\/Stop-Adultisme-150x150.png 150w, https:\/\/les-ateliers-dalex.fr\/wp-content\/uploads\/2022\/06\/Stop-Adultisme-100x100.png 100w\" sizes=\"auto, (max-width: 500px) 100vw, 500px\" \/><\/figure><\/li><li class=\"blocks-gallery-item\"><figure><img loading=\"lazy\" decoding=\"async\" width=\"640\" height=\"630\" src=\"https:\/\/les-ateliers-dalex.fr\/wp-content\/uploads\/2022\/08\/IMG_5444.jpg\" alt=\"\" data-id=\"1800\" data-full-url=\"https:\/\/les-ateliers-dalex.fr\/wp-content\/uploads\/2022\/08\/IMG_5444.jpg\" data-link=\"https:\/\/les-ateliers-dalex.fr\/?attachment_id=1800\" class=\"wp-image-1800\" srcset=\"https:\/\/les-ateliers-dalex.fr\/wp-content\/uploads\/2022\/08\/IMG_5444.jpg 640w, https:\/\/les-ateliers-dalex.fr\/wp-content\/uploads\/2022\/08\/IMG_5444-300x295.jpg 300w\" sizes=\"auto, (max-width: 640px) 100vw, 640px\" \/><\/figure><\/li><li class=\"blocks-gallery-item\"><figure><img loading=\"lazy\" decoding=\"async\" width=\"640\" height=\"645\" src=\"https:\/\/les-ateliers-dalex.fr\/wp-content\/uploads\/2022\/08\/IMG_5442.jpg\" alt=\"\" data-id=\"1798\" data-full-url=\"https:\/\/les-ateliers-dalex.fr\/wp-content\/uploads\/2022\/08\/IMG_5442.jpg\" data-link=\"https:\/\/les-ateliers-dalex.fr\/?attachment_id=1798\" class=\"wp-image-1798\" srcset=\"https:\/\/les-ateliers-dalex.fr\/wp-content\/uploads\/2022\/08\/IMG_5442.jpg 640w, https:\/\/les-ateliers-dalex.fr\/wp-content\/uploads\/2022\/08\/IMG_5442-298x300.jpg 298w, https:\/\/les-ateliers-dalex.fr\/wp-content\/uploads\/2022\/08\/IMG_5442-150x150.jpg 150w, https:\/\/les-ateliers-dalex.fr\/wp-content\/uploads\/2022\/08\/IMG_5442-100x100.jpg 100w\" sizes=\"auto, (max-width: 640px) 100vw, 640px\" \/><\/figure><\/li><li class=\"blocks-gallery-item\"><figure><img loading=\"lazy\" decoding=\"async\" width=\"640\" height=\"645\" src=\"https:\/\/les-ateliers-dalex.fr\/wp-content\/uploads\/2022\/08\/IMG_5440.jpg\" alt=\"\" data-id=\"1797\" data-full-url=\"https:\/\/les-ateliers-dalex.fr\/wp-content\/uploads\/2022\/08\/IMG_5440.jpg\" data-link=\"https:\/\/les-ateliers-dalex.fr\/?attachment_id=1797\" class=\"wp-image-1797\" srcset=\"https:\/\/les-ateliers-dalex.fr\/wp-content\/uploads\/2022\/08\/IMG_5440.jpg 640w, https:\/\/les-ateliers-dalex.fr\/wp-content\/uploads\/2022\/08\/IMG_5440-298x300.jpg 298w, https:\/\/les-ateliers-dalex.fr\/wp-content\/uploads\/2022\/08\/IMG_5440-150x150.jpg 150w, https:\/\/les-ateliers-dalex.fr\/wp-content\/uploads\/2022\/08\/IMG_5440-100x100.jpg 100w\" sizes=\"auto, (max-width: 640px) 100vw, 640px\" \/><\/figure><\/li><\/ul><\/figure>\n\n\n\n<p class=\"has-text-align-center\">Animation pour le<strong> r\u00e9seau Parents en Aveyron (12) <\/strong>d&rsquo;un atelier autour de <strong>l&rsquo;adultisme et des \u00e9motions<\/strong><\/p>\n\n\n\n<div class=\"wp-block-image\"><figure class=\"aligncenter size-full is-resized\"><img loading=\"lazy\" decoding=\"async\" src=\"https:\/\/les-ateliers-dalex.fr\/wp-content\/uploads\/2022\/08\/UNADJUSTEDNONRAW_thumb_a3c1.jpg\" alt=\"\" class=\"wp-image-1801\" width=\"336\" height=\"251\" srcset=\"https:\/\/les-ateliers-dalex.fr\/wp-content\/uploads\/2022\/08\/UNADJUSTEDNONRAW_thumb_a3c1.jpg 1024w, https:\/\/les-ateliers-dalex.fr\/wp-content\/uploads\/2022\/08\/UNADJUSTEDNONRAW_thumb_a3c1-300x225.jpg 300w, https:\/\/les-ateliers-dalex.fr\/wp-content\/uploads\/2022\/08\/UNADJUSTEDNONRAW_thumb_a3c1-768x576.jpg 768w\" sizes=\"auto, (max-width: 336px) 100vw, 336px\" \/><\/figure><\/div>\n\n\n\n<hr class=\"wp-block-separator\"\/>\n\n\n\n<div class=\"wp-block-image\"><figure class=\"aligncenter is-resized\"><img loading=\"lazy\" decoding=\"async\" src=\"http:\/\/les-ateliers-dalex.fr\/wp-content\/uploads\/2020\/04\/51BB4F02-6E78-4B9C-B26D-8C104D88778A.jpeg\" alt=\"\" class=\"wp-image-795\" width=\"390\" height=\"151\" srcset=\"https:\/\/les-ateliers-dalex.fr\/wp-content\/uploads\/2020\/04\/51BB4F02-6E78-4B9C-B26D-8C104D88778A.jpeg 500w, https:\/\/les-ateliers-dalex.fr\/wp-content\/uploads\/2020\/04\/51BB4F02-6E78-4B9C-B26D-8C104D88778A-300x116.jpeg 300w\" sizes=\"auto, (max-width: 390px) 100vw, 390px\" \/><\/figure><\/div>\n\n\n\n<p><\/p>\n","protected":false},"excerpt":{"rendered":"<p>En 2021, j&rsquo;ai donn\u00e9 naissance \u00e0 ma 3\u00e8me fille. les ateliers se sont arr\u00eat\u00e9s d\u00e9but juillet, puis ont repris tout en douceur en octobre accompagn\u00e9s de mon b\u00e9b\u00e9. Avec le Centre Social Espalion-Estaing (12): * Interventions lors de temps de la Ludo&rsquo;Doudou autour de la p\u00e9dagogie Montessori ( jeudi 4 mars, lundi 15 mars et &hellip; <\/p>\n<p class=\"link-more\"><a href=\"https:\/\/les-ateliers-dalex.fr\/?page_id=1814\" class=\"more-link\">Continuer la lecture<span class=\"screen-reader-text\"> de &laquo;&nbsp;Mes actions et ateliers en 2021&nbsp;&raquo;<\/span><\/a><\/p>\n","protected":false},"author":1,"featured_media":0,"parent":0,"menu_order":0,"comment_status":"closed","ping_status":"closed","template":"","meta":{"footnotes":""},"class_list":["post-1814","page","type-page","status-publish","hentry"],"_links":{"self":[{"href":"https:\/\/les-ateliers-dalex.fr\/index.php?rest_route=\/wp\/v2\/pages\/1814","targetHints":{"allow":["GET"]}}],"collection":[{"href":"https:\/\/les-ateliers-dalex.fr\/index.php?rest_route=\/wp\/v2\/pages"}],"about":[{"href":"https:\/\/les-ateliers-dalex.fr\/index.php?rest_route=\/wp\/v2\/types\/page"}],"author":[{"embeddable":true,"href":"https:\/\/les-ateliers-dalex.fr\/index.php?rest_route=\/wp\/v2\/users\/1"}],"replies":[{"embeddable":true,"href":"https:\/\/les-ateliers-dalex.fr\/index.php?rest_route=%2Fwp%2Fv2%2Fcomments&post=1814"}],"version-history":[{"count":4,"href":"https:\/\/les-ateliers-dalex.fr\/index.php?rest_route=\/wp\/v2\/pages\/1814\/revisions"}],"predecessor-version":[{"id":2001,"href":"https:\/\/les-ateliers-dalex.fr\/index.php?rest_route=\/wp\/v2\/pages\/1814\/revisions\/2001"}],"wp:attachment":[{"href":"https:\/\/les-ateliers-dalex.fr\/index.php?rest_route=%2Fwp%2Fv2%2Fmedia&parent=1814"}],"curies":[{"name":"wp","href":"https:\/\/api.w.org\/{rel}","templated":true}]}}